{"id":4596,"date":"2024-09-09T19:07:26","date_gmt":"2024-09-09T16:07:26","guid":{"rendered":"http:\/\/amasra.com.tr\/?page_id=4596"},"modified":"2025-10-06T14:17:39","modified_gmt":"2025-10-06T11:17:39","slug":"amasra-amasra-hoteles-amasra-guia-de-viajes","status":"publish","type":"page","link":"https:\/\/amasra.com.tr\/es\/","title":{"rendered":"amasra"},"content":{"rendered":"<div id=\"tdi_1\" class=\"tdc-zone\"><div class=\"tdc_zone tdi_2\"  >\n<style scoped>\n\/* custom css - generated by TagDiv Composer *\/\n\n\/* custom css - generated by TagDiv Composer *\/\n.tdi_2{\r\n                    min-height: 0;\r\n                }\n<\/style><div id=\"tdi_3\" class=\"tdc-row\"><div class=\"vc_row tdi_4  wpb_row td-pb-row\" >\n<style scoped>\n\/* custom css - generated by TagDiv Composer *\/\n\n\/* custom css - generated by TagDiv Composer *\/\n.tdi_4,\r\n                .tdi_4 .tdc-columns{\r\n                    min-height: 0;\r\n                }\n<\/style><div class=\"vc_column tdi_6  wpb_column vc_column_container tdc-column td-pb-span12\">\n<style scoped>\n\/* custom css - generated by TagDiv Composer *\/\n\n\/* custom css - generated by TagDiv Composer *\/\n.tdi_6{\r\n                    vertical-align: baseline;\r\n                }\n<\/style><div class=\"wpb_wrapper\" ><div class=\"td_block_wrap td_block_big_grid tdi_7 td-grid-style-1 td-hover-1 td-big-grids td-pb-border-top td_block_template_1\"  data-td-block-uid=\"tdi_7\" >\n<style>\n\/* custom css - generated by TagDiv Composer *\/\n.tdi_7 .td-post-vid-time{\r\n\t\t\t\t\tdisplay: block;\r\n\t\t\t\t}\n<\/style><div id=\"tdi_7\" class=\"td_block_inner\"><div class=\"td-big-grid-wrapper\">\r\n        <div class=\"td_module_mx5 td-animation-stack td-big-grid-post-0 td-big-grid-post td-big-thumb td-cpt-post\">\r\n            \r\n            <div class=\"td-module-thumb\"><a href=\"https:\/\/amasra.com.tr\/es\/ada-apart-kumsal\/\"  rel=\"bookmark\" class=\"td-image-wrap\" title=\"Ada Apart (Playa)\" ><img loading=\"lazy\" decoding=\"async\" class=\"entry-thumb\" src=\"\" alt=\"amasra-beach-apart-pasiyon-ada-apart21\" title=\"Ada Apart (Playa)\" data-type=\"image_tag\" data-img-url=\"https:\/\/amasra.com.tr\/wp-content\/uploads\/2020\/06\/amasra-kumsal-apart-pasiyon-ada-apart21.jpg\"  width=\"537\" height=\"358\" \/><\/a><\/div>            \r\n            <div class=\"td-meta-info-container\">\r\n                <div class=\"td-meta-align\">\r\n                    <div class=\"td-big-grid-meta\">\r\n                                                <h3 class=\"entry-title td-module-title\"><a href=\"https:\/\/amasra.com.tr\/es\/ada-apart-kumsal\/\"  rel=\"bookmark\" title=\"Ada Apart (Playa)\">Ada Apart (Playa)<\/a><\/h3>\r\n                        <div class=\"td-module-meta-info\">\r\n                                                                                    <span class=\"entry-review-stars\"><i class=\"td-icon-star\"><\/i><i class=\"td-icon-star\"><\/i><i class=\"td-icon-star\"><\/i><i class=\"td-icon-star\"><\/i><i class=\"td-icon-star\"><\/i><\/span>                        <\/div>\r\n                    <\/div>\r\n                <\/div>\r\n            <\/div>\r\n            <span class=\"td-module-comments\"><a href=\"https:\/\/amasra.com.tr\/es\/ada-apart-kumsal\/#comments\">3<\/a><\/span>\r\n        <\/div>\r\n\r\n        \r\n        <div class=\"td_module_mx6 td-animation-stack td-big-grid-post-1 td-big-grid-post td-tiny-thumb td-cpt-post\">\r\n            \r\n            <div class=\"td-module-thumb\"><a href=\"https:\/\/amasra.com.tr\/es\/amasrada-nereler-gezilir-fotografli\/\"  rel=\"bookmark\" class=\"td-image-wrap\" title=\"14 Lugares que visitar en Amasra (Con foto)\" ><img loading=\"lazy\" decoding=\"async\" class=\"entry-thumb\" src=\"\" alt=\"\" title=\"14 Lugares que visitar en Amasra (Con foto)\" data-type=\"image_tag\" data-img-url=\"https:\/\/amasra.com.tr\/wp-content\/uploads\/2014\/02\/amasra-tavsan-adasi.jpg\"  width=\"238\" height=\"178\" \/><\/a><\/div>            \r\n            <div class=\"td-meta-info-container\">\r\n                <div class=\"td-meta-align\">\r\n                    <div class=\"td-big-grid-meta\">\r\n                                                                        <h3 class=\"entry-title td-module-title\"><a href=\"https:\/\/amasra.com.tr\/es\/amasrada-nereler-gezilir-fotografli\/\"  rel=\"bookmark\" title=\"14 Lugares que visitar en Amasra (Con foto)\">14 Lugares que visitar en Amasra (Con foto)<\/a><\/h3>\r\n                        <div class=\"td-module-meta-info\">\r\n                            <span class=\"td-post-author-name\"><a href=\"https:\/\/amasra.com.tr\/es\/author\/yonetici\/\">amasra.com.tr<\/a> <span>-<\/span> <\/span>                            <span class=\"td-post-date\"><time class=\"entry-date updated td-module-date\" datetime=\"2025-03-28T10:45:31+03:00\" >28 March 2025<\/time><\/span>                        <\/div>\r\n                    <\/div>\r\n                <\/div>\r\n            <\/div>\r\n            <span class=\"td-module-comments\"><a href=\"https:\/\/amasra.com.tr\/es\/amasrada-nereler-gezilir-fotografli\/#comments\">8<\/a><\/span>\r\n        <\/div>\r\n\r\n        \r\n        <div class=\"td_module_mx6 td-animation-stack td-big-grid-post-2 td-big-grid-post td-tiny-thumb td-cpt-post\">\r\n            \r\n            <div class=\"td-module-thumb\"><a href=\"https:\/\/amasra.com.tr\/es\/amasra-muzesi\/\"  rel=\"bookmark\" class=\"td-image-wrap\" title=\"Museo Amasra\" ><img loading=\"lazy\" decoding=\"async\" class=\"entry-thumb\" src=\"\" alt=\"\" title=\"Museo Amasra\" data-type=\"image_tag\" data-img-url=\"https:\/\/amasra.com.tr\/wp-content\/uploads\/2017\/06\/amasra-muzesi-fotograflari-8.jpg\"  width=\"238\" height=\"159\" \/><\/a><\/div>            \r\n            <div class=\"td-meta-info-container\">\r\n                <div class=\"td-meta-align\">\r\n                    <div class=\"td-big-grid-meta\">\r\n                                                                        <h3 class=\"entry-title td-module-title\"><a href=\"https:\/\/amasra.com.tr\/es\/amasra-muzesi\/\"  rel=\"bookmark\" title=\"Museo Amasra\">Museo Amasra<\/a><\/h3>\r\n                        <div class=\"td-module-meta-info\">\r\n                            <span class=\"td-post-author-name\"><a href=\"https:\/\/amasra.com.tr\/es\/author\/amasra-com-tr\/\">amasracomtr<\/a> <span>-<\/span> <\/span>                            <span class=\"td-post-date\"><time class=\"entry-date updated td-module-date\" datetime=\"2025-03-18T12:53:05+03:00\" >18 March 2025<\/time><\/span>                        <\/div>\r\n                    <\/div>\r\n                <\/div>\r\n            <\/div>\r\n            <span class=\"td-module-comments\"><a href=\"https:\/\/amasra.com.tr\/es\/amasra-muzesi\/#comments\">1<\/a><\/span>\r\n        <\/div>\r\n\r\n        \r\n        <div class=\"td_module_mx6 td-animation-stack td-big-grid-post-3 td-big-grid-post td-tiny-thumb td-cpt-post\">\r\n            \r\n            <div class=\"td-module-thumb\"><a href=\"https:\/\/amasra.com.tr\/es\/kent-haritasi\/\"  rel=\"bookmark\" class=\"td-image-wrap\" title=\"Mapa de la ciudad de Amasra\" ><img loading=\"lazy\" decoding=\"async\" class=\"entry-thumb\" src=\"\" alt=\"\" title=\"Mapa de la ciudad de Amasra\" data-type=\"image_tag\" data-img-url=\"https:\/\/amasra.com.tr\/wp-content\/uploads\/2025\/02\/amasra-ada-apart-kumsal-manzarasi-1-238x178.jpg\"  width=\"238\" height=\"178\" \/><\/a><\/div>            \r\n            <div class=\"td-meta-info-container\">\r\n                <div class=\"td-meta-align\">\r\n                    <div class=\"td-big-grid-meta\">\r\n                                                                        <h3 class=\"entry-title td-module-title\"><a href=\"https:\/\/amasra.com.tr\/es\/kent-haritasi\/\"  rel=\"bookmark\" title=\"Mapa de la ciudad de Amasra\">Mapa de la ciudad de Amasra<\/a><\/h3>\r\n                        <div class=\"td-module-meta-info\">\r\n                            <span class=\"td-post-author-name\"><a href=\"https:\/\/amasra.com.tr\/es\/author\/yonetici\/\">amasra.com.tr<\/a> <span>-<\/span> <\/span>                            <span class=\"td-post-date\"><time class=\"entry-date updated td-module-date\" datetime=\"2025-03-14T02:30:29+03:00\" >14 March 2025<\/time><\/span>                        <\/div>\r\n                    <\/div>\r\n                <\/div>\r\n            <\/div>\r\n            <span class=\"td-module-comments\"><a href=\"https:\/\/amasra.com.tr\/es\/kent-haritasi\/#respond\">0<\/a><\/span>\r\n        <\/div>\r\n\r\n        \r\n        <div class=\"td_module_mx6 td-animation-stack td-big-grid-post-4 td-big-grid-post td-tiny-thumb td-cpt-post\">\r\n            \r\n            <div class=\"td-module-thumb\"><a href=\"https:\/\/amasra.com.tr\/es\/unesco\/\"  rel=\"bookmark\" class=\"td-image-wrap\" title=\"Amasra UNESCO\" ><img loading=\"lazy\" decoding=\"async\" class=\"entry-thumb\" src=\"\" alt=\"\" title=\"Amasra UNESCO\" data-type=\"image_tag\" data-img-url=\"https:\/\/amasra.com.tr\/wp-content\/uploads\/2016\/08\/amasra-kalesi-3.jpg\"  width=\"238\" height=\"159\" \/><\/a><\/div>            \r\n            <div class=\"td-meta-info-container\">\r\n                <div class=\"td-meta-align\">\r\n                    <div class=\"td-big-grid-meta\">\r\n                                                                        <h3 class=\"entry-title td-module-title\"><a href=\"https:\/\/amasra.com.tr\/es\/unesco\/\"  rel=\"bookmark\" title=\"Amasra UNESCO\">Amasra UNESCO<\/a><\/h3>\r\n                        <div class=\"td-module-meta-info\">\r\n                            <span class=\"td-post-author-name\"><a href=\"https:\/\/amasra.com.tr\/es\/author\/yonetici\/\">amasra.com.tr<\/a> <span>-<\/span> <\/span>                            <span class=\"td-post-date\"><time class=\"entry-date updated td-module-date\" datetime=\"2025-03-18T13:23:22+03:00\" >18 March 2025<\/time><\/span>                        <\/div>\r\n                    <\/div>\r\n                <\/div>\r\n            <\/div>\r\n            <span class=\"td-module-comments\"><a href=\"https:\/\/amasra.com.tr\/es\/unesco\/#comments\">1<\/a><\/span>\r\n        <\/div>\r\n\r\n        <\/div><div class=\"clearfix\"><\/div><\/div><\/div> <!-- .\/block --><div class=\"wpb_wrapper td_block_wrap vc_raw_html tdi_9\"><div class=\"td-fix-index\"><!DOCTYPE html>\n<html lang=\"tr\">\n<head>\n  <meta charset=\"UTF-8\" \/>\n  <title>Hoteles y hostales en Amasra<\/title>\n<\/head>\n<body>\n\n  <h2>Hoteles y hostales en Amasra<\/h2>\n  <p>\n    Cuando visite Amasra, las opciones de alojamiento son bastante diversas. Podr\u00e1s encontrar tanto hoteles de lujo a lo largo de la costa como alojarte en casas de hu\u00e9spedes que ofrecen un c\u00e1lido ambiente familiar. Hay muchas alternativas diferentes, desde hoteles boutique con vistas al mar hasta hostales tranquilos y silenciosos.\n  <\/p>\n<\/div><\/div><div class=\"td_block_wrap td_block_2 tdi_10 td-pb-border-top td_block_template_1\"  data-td-block-uid=\"tdi_10\" >\n<style>\n\/* custom css - generated by TagDiv Composer *\/\n.tdi_10 .td-post-vid-time{\r\n\t\t\t\t\tdisplay: block;\r\n\t\t\t\t}\n<\/style><script>var block_tdi_10 = new tdBlock();\nblock_tdi_10.id = \"tdi_10\";\nblock_tdi_10.atts = '{\"category_id\":\"36832\",\"block_type\":\"td_block_2\",\"separator\":\"\",\"custom_title\":\"\",\"custom_url\":\"\",\"title_tag\":\"\",\"block_template_id\":\"\",\"border_top\":\"\",\"color_preset\":\"\",\"m4_tl\":\"\",\"m4_title_tag\":\"\",\"m4_el\":\"\",\"m6_tl\":\"\",\"m6_title_tag\":\"\",\"post_ids\":\"\",\"category_ids\":\"\",\"tag_slug\":\"\",\"autors_id\":\"\",\"installed_post_types\":\"\",\"sort\":\"\",\"limit\":\"5\",\"offset\":\"\",\"open_in_new_window\":\"\",\"show_modified_date\":\"\",\"video_popup\":\"\",\"video_rec\":\"\",\"video_rec_title\":\"\",\"show_vid_t\":\"block\",\"el_class\":\"\",\"td_ajax_filter_type\":\"\",\"td_ajax_filter_ids\":\"\",\"td_filter_default_txt\":\"All\",\"td_ajax_preloading\":\"\",\"f_header_font_header\":\"\",\"f_header_font_title\":\"Block header\",\"f_header_font_settings\":\"\",\"f_header_font_family\":\"\",\"f_header_font_size\":\"\",\"f_header_font_line_height\":\"\",\"f_header_font_style\":\"\",\"f_header_font_weight\":\"\",\"f_header_font_transform\":\"\",\"f_header_font_spacing\":\"\",\"f_header_\":\"\",\"f_ajax_font_title\":\"Ajax categories\",\"f_ajax_font_settings\":\"\",\"f_ajax_font_family\":\"\",\"f_ajax_font_size\":\"\",\"f_ajax_font_line_height\":\"\",\"f_ajax_font_style\":\"\",\"f_ajax_font_weight\":\"\",\"f_ajax_font_transform\":\"\",\"f_ajax_font_spacing\":\"\",\"f_ajax_\":\"\",\"f_more_font_title\":\"Load more button\",\"f_more_font_settings\":\"\",\"f_more_font_family\":\"\",\"f_more_font_size\":\"\",\"f_more_font_line_height\":\"\",\"f_more_font_style\":\"\",\"f_more_font_weight\":\"\",\"f_more_font_transform\":\"\",\"f_more_font_spacing\":\"\",\"f_more_\":\"\",\"m4f_title_font_header\":\"\",\"m4f_title_font_title\":\"Article title\",\"m4f_title_font_settings\":\"\",\"m4f_title_font_family\":\"\",\"m4f_title_font_size\":\"\",\"m4f_title_font_line_height\":\"\",\"m4f_title_font_style\":\"\",\"m4f_title_font_weight\":\"\",\"m4f_title_font_transform\":\"\",\"m4f_title_font_spacing\":\"\",\"m4f_title_\":\"\",\"m4f_cat_font_title\":\"Article category tag\",\"m4f_cat_font_settings\":\"\",\"m4f_cat_font_family\":\"\",\"m4f_cat_font_size\":\"\",\"m4f_cat_font_line_height\":\"\",\"m4f_cat_font_style\":\"\",\"m4f_cat_font_weight\":\"\",\"m4f_cat_font_transform\":\"\",\"m4f_cat_font_spacing\":\"\",\"m4f_cat_\":\"\",\"m4f_meta_font_title\":\"Article meta info\",\"m4f_meta_font_settings\":\"\",\"m4f_meta_font_family\":\"\",\"m4f_meta_font_size\":\"\",\"m4f_meta_font_line_height\":\"\",\"m4f_meta_font_style\":\"\",\"m4f_meta_font_weight\":\"\",\"m4f_meta_font_transform\":\"\",\"m4f_meta_font_spacing\":\"\",\"m4f_meta_\":\"\",\"m4f_ex_font_title\":\"Article excerpt\",\"m4f_ex_font_settings\":\"\",\"m4f_ex_font_family\":\"\",\"m4f_ex_font_size\":\"\",\"m4f_ex_font_line_height\":\"\",\"m4f_ex_font_style\":\"\",\"m4f_ex_font_weight\":\"\",\"m4f_ex_font_transform\":\"\",\"m4f_ex_font_spacing\":\"\",\"m4f_ex_\":\"\",\"m6f_title_font_header\":\"\",\"m6f_title_font_title\":\"Article title\",\"m6f_title_font_settings\":\"\",\"m6f_title_font_family\":\"\",\"m6f_title_font_size\":\"\",\"m6f_title_font_line_height\":\"\",\"m6f_title_font_style\":\"\",\"m6f_title_font_weight\":\"\",\"m6f_title_font_transform\":\"\",\"m6f_title_font_spacing\":\"\",\"m6f_title_\":\"\",\"m6f_cat_font_title\":\"Article category tag\",\"m6f_cat_font_settings\":\"\",\"m6f_cat_font_family\":\"\",\"m6f_cat_font_size\":\"\",\"m6f_cat_font_line_height\":\"\",\"m6f_cat_font_style\":\"\",\"m6f_cat_font_weight\":\"\",\"m6f_cat_font_transform\":\"\",\"m6f_cat_font_spacing\":\"\",\"m6f_cat_\":\"\",\"m6f_meta_font_title\":\"Article meta info\",\"m6f_meta_font_settings\":\"\",\"m6f_meta_font_family\":\"\",\"m6f_meta_font_size\":\"\",\"m6f_meta_font_line_height\":\"\",\"m6f_meta_font_style\":\"\",\"m6f_meta_font_weight\":\"\",\"m6f_meta_font_transform\":\"\",\"m6f_meta_font_spacing\":\"\",\"m6f_meta_\":\"\",\"ajax_pagination\":\"\",\"ajax_pagination_infinite_stop\":\"\",\"css\":\"\",\"tdc_css\":\"\",\"td_column_number\":3,\"header_color\":\"\",\"ajax_pagination_next_prev_swipe\":\"\",\"class\":\"tdi_10\",\"tdc_css_class\":\"tdi_10\",\"tdc_css_class_style\":\"tdi_10_rand_style\"}';\nblock_tdi_10.td_column_number = \"3\";\nblock_tdi_10.block_type = \"td_block_2\";\nblock_tdi_10.post_count = \"5\";\nblock_tdi_10.found_posts = \"9\";\nblock_tdi_10.header_color = \"\";\nblock_tdi_10.ajax_pagination_infinite_stop = \"\";\nblock_tdi_10.max_num_pages = \"2\";\ntdBlocksArray.push(block_tdi_10);\n<\/script><div id=\"tdi_10\" class=\"td_block_inner\">\n\n\t<div class=\"td-block-row\">\n\n\t<div class=\"td-block-span4\">\n\r\n        <div class=\"td_module_4 td_module_wrap td-animation-stack td-cpt-post\">\r\n            <div class=\"td-module-image\">\r\n                <div class=\"td-module-thumb\"><a href=\"https:\/\/amasra.com.tr\/es\/ada-apart-kumsal\/\"  rel=\"bookmark\" class=\"td-image-wrap\" title=\"Ada Apart (Playa)\" ><img loading=\"lazy\" decoding=\"async\" class=\"entry-thumb\" src=\"\" alt=\"amasra-beach-apart-pasiyon-ada-apart21\" title=\"Ada Apart (Playa)\" data-type=\"image_tag\" data-img-url=\"https:\/\/amasra.com.tr\/wp-content\/uploads\/2020\/06\/amasra-kumsal-apart-pasiyon-ada-apart21.jpg\"  width=\"291\" height=\"194\" \/><\/a><\/div>                                            <\/div>\r\n\r\n            <h3 class=\"entry-title td-module-title\"><a href=\"https:\/\/amasra.com.tr\/es\/ada-apart-kumsal\/\"  rel=\"bookmark\" title=\"Ada Apart (Playa)\">Ada Apart (Playa)<\/a><\/h3>\r\n            <div class=\"meta-info\">\r\n                                                <span class=\"entry-review-stars\"><i class=\"td-icon-star\"><\/i><i class=\"td-icon-star\"><\/i><i class=\"td-icon-star\"><\/i><i class=\"td-icon-star\"><\/i><i class=\"td-icon-star\"><\/i><\/span>                <span class=\"td-module-comments\"><a href=\"https:\/\/amasra.com.tr\/es\/ada-apart-kumsal\/#comments\">3<\/a><\/span>            <\/div>\r\n\r\n            <div class=\"td-excerpt\">\r\n                Ubicado justo en la playa de B\u00fcy\u00fck Liman, Ada Apart (Kumsal) es una opci\u00f3n ideal para los visitantes que desean alojarse en la comodidad de su propia casa con vistas al mar y al puerto. Tel\u00e9fono:...            <\/div>\r\n\r\n            \r\n        <\/div>\r\n\r\n        \n\t<\/div> <!-- .\/td-block-span4 -->\n\n\t<div class=\"td-block-span4\">\n\r\n        <div class=\"td_module_4 td_module_wrap td-animation-stack td-cpt-post\">\r\n            <div class=\"td-module-image\">\r\n                <div class=\"td-module-thumb\"><a href=\"https:\/\/amasra.com.tr\/es\/hostel-amasra\/\"  rel=\"bookmark\" class=\"td-image-wrap\" title=\"Hostal Amasra\" ><img loading=\"lazy\" decoding=\"async\" class=\"entry-thumb\" src=\"\" alt=\"hostal-02-vista-balc\u00f3n\" title=\"Hostal Amasra\" data-type=\"image_tag\" data-img-url=\"https:\/\/amasra.com.tr\/wp-content\/uploads\/2023\/06\/hostel-02-balkon-manzara.jpg\"  width=\"259\" height=\"194\" \/><\/a><\/div>                                            <\/div>\r\n\r\n            <h3 class=\"entry-title td-module-title\"><a href=\"https:\/\/amasra.com.tr\/es\/hostel-amasra\/\"  rel=\"bookmark\" title=\"Hostal Amasra\">Hostal Amasra<\/a><\/h3>\r\n            <div class=\"meta-info\">\r\n                                                <span class=\"entry-review-stars\"><i class=\"td-icon-star\"><\/i><i class=\"td-icon-star\"><\/i><i class=\"td-icon-star\"><\/i><i class=\"td-icon-star\"><\/i><i class=\"td-icon-star\"><\/i><\/span>                <span class=\"td-module-comments\"><a href=\"https:\/\/amasra.com.tr\/es\/hostel-amasra\/#comments\">1<\/a><\/span>            <\/div>\r\n\r\n            <div class=\"td-excerpt\">\r\n                \r\n \twww.hostelamasra.com.tr\r\n \t+90 8503097638\r\n \tDirecci\u00f3n: Calle Dereyan\u0131, Amasra\/Bartin\r\n\r\nLas bellezas hist\u00f3ricas y naturales de Amasra para descubrir el comienzo perfecto para hacer un comienzo perfecto para explorar la apertura de nuestro negocio con emoci\u00f3n ...            <\/div>\r\n\r\n            \r\n        <\/div>\r\n\r\n        \n\t<\/div> <!-- .\/td-block-span4 -->\n\n\t<div class=\"td-block-span4\">\n\r\n        <div class=\"td_module_4 td_module_wrap td-animation-stack td-cpt-post\">\r\n            <div class=\"td-module-image\">\r\n                <div class=\"td-module-thumb\"><a href=\"https:\/\/amasra.com.tr\/es\/amasranin-en-iyi-7-konaklama-yerleri\/\"  rel=\"bookmark\" class=\"td-image-wrap\" title=\"Los 7 mejores lugares para alojarse en Amasra\" ><img loading=\"lazy\" decoding=\"async\" class=\"entry-thumb\" src=\"\" alt=\"\" title=\"Los 7 mejores lugares para alojarse en Amasra\" data-type=\"image_tag\" data-img-url=\"https:\/\/amasra.com.tr\/wp-content\/uploads\/2025\/02\/amasra-ada-apart-kumsal-manzarasi-3-300x194.jpg\"  width=\"300\" height=\"194\" \/><\/a><\/div>                                            <\/div>\r\n\r\n            <h3 class=\"entry-title td-module-title\"><a href=\"https:\/\/amasra.com.tr\/es\/amasranin-en-iyi-7-konaklama-yerleri\/\"  rel=\"bookmark\" title=\"Los 7 mejores lugares para alojarse en Amasra\">Los 7 mejores lugares para alojarse en Amasra<\/a><\/h3>\r\n            <div class=\"meta-info\">\r\n                                <span class=\"td-post-author-name\"><a href=\"https:\/\/amasra.com.tr\/es\/author\/yonetici\/\">amasra.com.tr<\/a> <span>-<\/span> <\/span>                <span class=\"td-post-date\"><time class=\"entry-date updated td-module-date\" datetime=\"2025-02-20T14:01:48+03:00\" >20 February 2025<\/time><\/span>                <span class=\"td-module-comments\"><a href=\"https:\/\/amasra.com.tr\/es\/amasranin-en-iyi-7-konaklama-yerleri\/#comments\">2<\/a><\/span>            <\/div>\r\n\r\n            <div class=\"td-excerpt\">\r\n                Como una de las ciudades costeras m\u00e1s encantadoras del Mar Negro, Amasra recibe a muchos visitantes cada a\u00f1o. Opciones de alojamiento en este encantador distrito, que destaca por sus bellezas hist\u00f3ricas y naturales...            <\/div>\r\n\r\n            \r\n        <\/div>\r\n\r\n        \n\t<\/div> <!-- .\/td-block-span4 --><\/div><!--.\/row-fluid-->\n\n\t<div class=\"td-block-row\">\n\n\t<div class=\"td-block-span4\">\n\r\n        <div class=\"td_module_6 td_module_wrap td-animation-stack td-cpt-post\">\r\n            \r\n            <div class=\"td-module-thumb\"><a href=\"https:\/\/amasra.com.tr\/es\/northdoor-hotel-amasra\/\"  rel=\"bookmark\" class=\"td-image-wrap\" title=\"Hotel Puerta del Norte | Amasra\" ><img loading=\"lazy\" decoding=\"async\" class=\"entry-thumb\" src=\"\" alt=\"puerta norte-amasra (3)\" title=\"Hotel Puerta del Norte | Amasra\" data-type=\"image_tag\" data-img-url=\"https:\/\/amasra.com.tr\/wp-content\/uploads\/2015\/05\/northdoor-amasra-3.jpg\"  width=\"88\" height=\"75\" \/><\/a><\/div>\r\n        <div class=\"item-details\">\r\n\r\n            <h3 class=\"entry-title td-module-title\"><a href=\"https:\/\/amasra.com.tr\/es\/northdoor-hotel-amasra\/\"  rel=\"bookmark\" title=\"Hotel Puerta del Norte | Amasra\">Hotel Puerta del Norte | Amasra<\/a><\/h3>            <div class=\"meta-info\">\r\n                                                                <span class=\"td-post-date\"><time class=\"entry-date updated td-module-date\" datetime=\"2025-02-19T16:41:23+03:00\" >19 February 2025<\/time><\/span>                            <\/div>\r\n        <\/div>\r\n\r\n        <\/div>\r\n\r\n        \n\t<\/div> <!-- .\/td-block-span4 -->\n\n\t<div class=\"td-block-span4\">\n\r\n        <div class=\"td_module_6 td_module_wrap td-animation-stack td-cpt-post\">\r\n            \r\n            <div class=\"td-module-thumb\"><a href=\"https:\/\/amasra.com.tr\/es\/alaaddin-motel-cakraz-tatil-koyu\/\"  rel=\"bookmark\" class=\"td-image-wrap\" title=\"Motel Alaaddin (pueblo de vacaciones de \u00c7akraz)\" ><img loading=\"lazy\" decoding=\"async\" class=\"entry-thumb\" src=\"\" alt=\"\" title=\"Motel Alaaddin (pueblo de vacaciones de \u00c7akraz)\" data-type=\"image_tag\" data-img-url=\"https:\/\/amasra.com.tr\/wp-content\/uploads\/2013\/08\/alaaddin-motel-restaurant.jpg\"  width=\"100\" height=\"67\" \/><\/a><\/div>\r\n        <div class=\"item-details\">\r\n\r\n            <h3 class=\"entry-title td-module-title\"><a href=\"https:\/\/amasra.com.tr\/es\/alaaddin-motel-cakraz-tatil-koyu\/\"  rel=\"bookmark\" title=\"Motel Alaaddin (pueblo de vacaciones de \u00c7akraz)\">Motel Alaaddin (pueblo de vacaciones de \u00c7akraz)<\/a><\/h3>            <div class=\"meta-info\">\r\n                                                                <span class=\"td-post-date\"><time class=\"entry-date updated td-module-date\" datetime=\"2023-07-31T23:28:36+03:00\" >31 July 2023<\/time><\/span>                            <\/div>\r\n        <\/div>\r\n\r\n        <\/div>\r\n\r\n        \n\t<\/div> <!-- .\/td-block-span4 --><\/div><!--.\/row-fluid--><\/div><\/div> <!-- .\/block --><div class=\"wpb_wrapper td_block_wrap vc_raw_html tdi_12\"><div class=\"td-fix-index\"><!DOCTYPE html>\n<html lang=\"tr\">\n<head>\n  <meta charset=\"UTF-8\" \/>\n  <title>Hoteles y hostales en Amasra<\/title>\n<\/head>\n<body>\n\n  <h2>Acerca de Amasra<\/h2>\n  <p>\n   \n  <\/p>\n<\/div><\/div><div class=\"td_block_wrap td_block_4 tdi_13 td-pb-border-top td_block_template_1\"  data-td-block-uid=\"tdi_13\" >\n<style>\n\/* custom css - generated by TagDiv Composer *\/\n.tdi_13 .td-post-vid-time{\r\n\t\t\t\t\tdisplay: block;\r\n\t\t\t\t}\n<\/style><script>var block_tdi_13 = new tdBlock();\nblock_tdi_13.id = \"tdi_13\";\nblock_tdi_13.atts = '{\"category_id\":\"89\",\"block_type\":\"td_block_4\",\"separator\":\"\",\"custom_title\":\"\",\"custom_url\":\"\",\"title_tag\":\"\",\"block_template_id\":\"\",\"border_top\":\"\",\"color_preset\":\"\",\"m2_tl\":\"\",\"m2_title_tag\":\"\",\"m2_el\":\"\",\"post_ids\":\"\",\"category_ids\":\"\",\"tag_slug\":\"\",\"autors_id\":\"\",\"installed_post_types\":\"\",\"sort\":\"\",\"limit\":\"5\",\"offset\":\"\",\"open_in_new_window\":\"\",\"show_modified_date\":\"\",\"video_popup\":\"\",\"video_rec\":\"\",\"video_rec_title\":\"\",\"show_vid_t\":\"block\",\"el_class\":\"\",\"td_ajax_filter_type\":\"\",\"td_ajax_filter_ids\":\"\",\"td_filter_default_txt\":\"All\",\"td_ajax_preloading\":\"\",\"f_header_font_header\":\"\",\"f_header_font_title\":\"Block header\",\"f_header_font_settings\":\"\",\"f_header_font_family\":\"\",\"f_header_font_size\":\"\",\"f_header_font_line_height\":\"\",\"f_header_font_style\":\"\",\"f_header_font_weight\":\"\",\"f_header_font_transform\":\"\",\"f_header_font_spacing\":\"\",\"f_header_\":\"\",\"f_ajax_font_title\":\"Ajax categories\",\"f_ajax_font_settings\":\"\",\"f_ajax_font_family\":\"\",\"f_ajax_font_size\":\"\",\"f_ajax_font_line_height\":\"\",\"f_ajax_font_style\":\"\",\"f_ajax_font_weight\":\"\",\"f_ajax_font_transform\":\"\",\"f_ajax_font_spacing\":\"\",\"f_ajax_\":\"\",\"f_more_font_title\":\"Load more button\",\"f_more_font_settings\":\"\",\"f_more_font_family\":\"\",\"f_more_font_size\":\"\",\"f_more_font_line_height\":\"\",\"f_more_font_style\":\"\",\"f_more_font_weight\":\"\",\"f_more_font_transform\":\"\",\"f_more_font_spacing\":\"\",\"f_more_\":\"\",\"m2f_title_font_header\":\"\",\"m2f_title_font_title\":\"Article title\",\"m2f_title_font_settings\":\"\",\"m2f_title_font_family\":\"\",\"m2f_title_font_size\":\"\",\"m2f_title_font_line_height\":\"\",\"m2f_title_font_style\":\"\",\"m2f_title_font_weight\":\"\",\"m2f_title_font_transform\":\"\",\"m2f_title_font_spacing\":\"\",\"m2f_title_\":\"\",\"m2f_cat_font_title\":\"Article category tag\",\"m2f_cat_font_settings\":\"\",\"m2f_cat_font_family\":\"\",\"m2f_cat_font_size\":\"\",\"m2f_cat_font_line_height\":\"\",\"m2f_cat_font_style\":\"\",\"m2f_cat_font_weight\":\"\",\"m2f_cat_font_transform\":\"\",\"m2f_cat_font_spacing\":\"\",\"m2f_cat_\":\"\",\"m2f_meta_font_title\":\"Article meta info\",\"m2f_meta_font_settings\":\"\",\"m2f_meta_font_family\":\"\",\"m2f_meta_font_size\":\"\",\"m2f_meta_font_line_height\":\"\",\"m2f_meta_font_style\":\"\",\"m2f_meta_font_weight\":\"\",\"m2f_meta_font_transform\":\"\",\"m2f_meta_font_spacing\":\"\",\"m2f_meta_\":\"\",\"m2f_ex_font_title\":\"Article excerpt\",\"m2f_ex_font_settings\":\"\",\"m2f_ex_font_family\":\"\",\"m2f_ex_font_size\":\"\",\"m2f_ex_font_line_height\":\"\",\"m2f_ex_font_style\":\"\",\"m2f_ex_font_weight\":\"\",\"m2f_ex_font_transform\":\"\",\"m2f_ex_font_spacing\":\"\",\"m2f_ex_\":\"\",\"ajax_pagination\":\"\",\"ajax_pagination_infinite_stop\":\"\",\"css\":\"\",\"tdc_css\":\"\",\"td_column_number\":3,\"header_color\":\"\",\"ajax_pagination_next_prev_swipe\":\"\",\"class\":\"tdi_13\",\"tdc_css_class\":\"tdi_13\",\"tdc_css_class_style\":\"tdi_13_rand_style\"}';\nblock_tdi_13.td_column_number = \"3\";\nblock_tdi_13.block_type = \"td_block_4\";\nblock_tdi_13.post_count = \"5\";\nblock_tdi_13.found_posts = \"241\";\nblock_tdi_13.header_color = \"\";\nblock_tdi_13.ajax_pagination_infinite_stop = \"\";\nblock_tdi_13.max_num_pages = \"49\";\ntdBlocksArray.push(block_tdi_13);\n<\/script><div id=\"tdi_13\" class=\"td_block_inner\">\n\n\t<div class=\"td-block-row\">\n\n\t<div class=\"td-block-span4\">\n\r\n        <div class=\"td_module_2 td_module_wrap td-animation-stack td-cpt-post\">\r\n            <div class=\"td-module-image\">\r\n                <div class=\"td-module-thumb\"><a href=\"https:\/\/amasra.com.tr\/es\/amasra-kemere-koprusu-yapisal-analiz-malzemeler-ve-restorasyon-calismalari\/\"  rel=\"bookmark\" class=\"td-image-wrap\" title=\"Puente Amasra Kemere: an\u00e1lisis estructural, materiales y obras de restauraci\u00f3n\" ><img loading=\"lazy\" decoding=\"async\" class=\"entry-thumb\" src=\"\" alt=\"\" title=\"Puente Amasra Kemere: an\u00e1lisis estructural, materiales y obras de restauraci\u00f3n\" data-type=\"image_tag\" data-img-url=\"https:\/\/amasra.com.tr\/wp-content\/uploads\/2016\/02\/amasra-havadan-genel-fotograflar-25.jpg\"  width=\"294\" height=\"160\" \/><\/a><\/div>                                            <\/div>\r\n\r\n            <h3 class=\"entry-title td-module-title\"><a href=\"https:\/\/amasra.com.tr\/es\/amasra-kemere-koprusu-yapisal-analiz-malzemeler-ve-restorasyon-calismalari\/\"  rel=\"bookmark\" title=\"Puente Amasra Kemere: an\u00e1lisis estructural, materiales y obras de restauraci\u00f3n\">Puente Amasra Kemere: an\u00e1lisis estructural, materiales y obras de restauraci\u00f3n<\/a><\/h3>\r\n            <div class=\"meta-info\">\r\n                                <span class=\"td-post-author-name\"><a href=\"https:\/\/amasra.com.tr\/es\/author\/yonetici\/\">amasra.com.tr<\/a> <span>-<\/span> <\/span>                <span class=\"td-post-date\"><time class=\"entry-date updated td-module-date\" datetime=\"2026-03-04T23:13:42+03:00\" >04 March 2026<\/time><\/span>                <span class=\"td-module-comments\"><a href=\"https:\/\/amasra.com.tr\/es\/amasra-kemere-koprusu-yapisal-analiz-malzemeler-ve-restorasyon-calismalari\/#respond\">0<\/a><\/span>            <\/div>\r\n\r\n\r\n            <div class=\"td-excerpt\">\r\n                Genial, har\u00e9 una investigaci\u00f3n detallada sobre el an\u00e1lisis estructural del Puente Amasra Kemere, los materiales utilizados, sus caracter\u00edsticas arquitect\u00f3nicas y su comparaci\u00f3n con puentes similares en el mundo. Adem\u00e1s, la conservaci\u00f3n de este puente...            <\/div>\r\n\r\n            \r\n        <\/div>\r\n\r\n        \n\t<\/div> <!-- .\/td-block-span4 -->\n\n\t<div class=\"td-block-span4\">\n\r\n        <div class=\"td_module_2 td_module_wrap td-animation-stack td-cpt-post\">\r\n            <div class=\"td-module-image\">\r\n                <div class=\"td-module-thumb\"><a href=\"https:\/\/amasra.com.tr\/es\/amasra-kalesinin-gorunmez-nisancilari-arrow-slots-okcu-mazgallari\/\"  rel=\"bookmark\" class=\"td-image-wrap\" title=\"Los tiradores invisibles del castillo de Amasra: Ranuras para flechas\" ><img loading=\"lazy\" decoding=\"async\" class=\"entry-thumb\" src=\"\" alt=\"\" title=\"Los tiradores invisibles del castillo de Amasra: Ranuras para flechas\" data-type=\"image_tag\" data-img-url=\"https:\/\/amasra.com.tr\/wp-content\/uploads\/2025\/07\/amasra-okcu-mazgallari-gorseli-300x160.png\"  width=\"300\" height=\"160\" \/><\/a><\/div>                                            <\/div>\r\n\r\n            <h3 class=\"entry-title td-module-title\"><a href=\"https:\/\/amasra.com.tr\/es\/amasra-kalesinin-gorunmez-nisancilari-arrow-slots-okcu-mazgallari\/\"  rel=\"bookmark\" title=\"Los tiradores invisibles del castillo de Amasra: Ranuras para flechas\">Los tiradores invisibles del castillo de Amasra: Ranuras para flechas<\/a><\/h3>\r\n            <div class=\"meta-info\">\r\n                                <span class=\"td-post-author-name\"><a href=\"https:\/\/amasra.com.tr\/es\/author\/yonetici\/\">amasra.com.tr<\/a> <span>-<\/span> <\/span>                <span class=\"td-post-date\"><time class=\"entry-date updated td-module-date\" datetime=\"2025-07-14T11:45:42+03:00\" >14 July 2025<\/time><\/span>                <span class=\"td-module-comments\"><a href=\"https:\/\/amasra.com.tr\/es\/amasra-kalesinin-gorunmez-nisancilari-arrow-slots-okcu-mazgallari\/#respond\">0<\/a><\/span>            <\/div>\r\n\r\n\r\n            <div class=\"td-excerpt\">\r\n                \u00bfC\u00f3mo funcionaba la arquitectura de defensa?\r\n\r\nAbertura exterior estrecha, fachada interior ancha: Mientras que la parte exterior de la almena se dejaba delgada como un cuchillo, se ensanchaba en forma de embudo en el lado interior. As\u00ed, el arquero...            <\/div>\r\n\r\n            \r\n        <\/div>\r\n\r\n        \n\t<\/div> <!-- .\/td-block-span4 -->\n\n\t<div class=\"td-block-span4\">\n\r\n        <div class=\"td_module_2 td_module_wrap td-animation-stack td-cpt-post\">\r\n            <div class=\"td-module-image\">\r\n                <div class=\"td-module-thumb\"><a href=\"https:\/\/amasra.com.tr\/es\/amasrada-1-temmuz-denizcilik-ve-kabotaj-bayrami-denizin-ve-mirasin-bulusma-noktasi\/\"  rel=\"bookmark\" class=\"td-image-wrap\" title=\"1 de julio D\u00eda del Mar y del Cabotaje en Amasra: Punto de encuentro del mar y el patrimonio\" ><img loading=\"lazy\" decoding=\"async\" class=\"entry-thumb\" src=\"\" alt=\"amasra-beach-suites-apartamentos-vista-mar (18 de 18)\" title=\"1 de julio D\u00eda del Mar y del Cabotaje en Amasra: Punto de encuentro del mar y el patrimonio\" data-type=\"image_tag\" data-img-url=\"https:\/\/amasra.com.tr\/wp-content\/uploads\/2019\/10\/amasra-kumsal-suit-apart-daireler-deniz-manzarali-18-of-18.jpg\"  width=\"213\" height=\"160\" \/><\/a><\/div>                                            <\/div>\r\n\r\n            <h3 class=\"entry-title td-module-title\"><a href=\"https:\/\/amasra.com.tr\/es\/amasrada-1-temmuz-denizcilik-ve-kabotaj-bayrami-denizin-ve-mirasin-bulusma-noktasi\/\"  rel=\"bookmark\" title=\"1 de julio D\u00eda del Mar y del Cabotaje en Amasra: Punto de encuentro del mar y el patrimonio\">1 de julio D\u00eda Mar\u00edtimo y de Cabotaje en Amasra: Encuentro del Mar y el Patrimonio...<\/a><\/h3>\r\n            <div class=\"meta-info\">\r\n                                <span class=\"td-post-author-name\"><a href=\"https:\/\/amasra.com.tr\/es\/author\/yonetici\/\">amasra.com.tr<\/a> <span>-<\/span> <\/span>                <span class=\"td-post-date\"><time class=\"entry-date updated td-module-date\" datetime=\"2025-07-01T07:52:08+03:00\" >01 July 2025<\/time><\/span>                <span class=\"td-module-comments\"><a href=\"https:\/\/amasra.com.tr\/es\/amasrada-1-temmuz-denizcilik-ve-kabotaj-bayrami-denizin-ve-mirasin-bulusma-noktasi\/#respond\">0<\/a><\/span>            <\/div>\r\n\r\n\r\n            <div class=\"td-excerpt\">\r\n                El D\u00eda Mar\u00edtimo y de Cabotaje, que se celebra cada a\u00f1o el 1 de julio en Turqu\u00eda para destacar la importancia de los derechos mar\u00edtimos y de cabotaje, es recibido con entusiasmo en las ciudades que tienen costas...            <\/div>\r\n\r\n            \r\n        <\/div>\r\n\r\n        \n\t<\/div> <!-- .\/td-block-span4 --><\/div><!--.\/row-fluid-->\n\n\t<div class=\"td-block-row\">\n\n\t<div class=\"td-block-span4\">\n\r\n        <div class=\"td_module_2 td_module_wrap td-animation-stack td-cpt-post\">\r\n            <div class=\"td-module-image\">\r\n                <div class=\"td-module-thumb\"><a href=\"https:\/\/amasra.com.tr\/es\/%f0%9f%93%88-amasra-kruvaziyer-turizminde-yukselisini-surduruyor-2025-guncel-veriler\/\"  rel=\"bookmark\" class=\"td-image-wrap\" title=\"\ud83d\udcc8 Amasra sigue al alza en el turismo de cruceros (2025 datos actuales)\" ><img loading=\"lazy\" decoding=\"async\" class=\"entry-thumb\" src=\"\" alt=\"\" title=\"\ud83d\udcc8 Amasra sigue al alza en el turismo de cruceros (2025 datos actuales)\" data-type=\"image_tag\" data-img-url=\"https:\/\/amasra.com.tr\/wp-content\/uploads\/2025\/02\/amasra-kemere-koprusunda-romantik-bir-resim--300x160.png\"  width=\"300\" height=\"160\" \/><\/a><\/div>                                            <\/div>\r\n\r\n            <h3 class=\"entry-title td-module-title\"><a href=\"https:\/\/amasra.com.tr\/es\/%f0%9f%93%88-amasra-kruvaziyer-turizminde-yukselisini-surduruyor-2025-guncel-veriler\/\"  rel=\"bookmark\" title=\"\ud83d\udcc8 Amasra sigue al alza en el turismo de cruceros (2025 datos actuales)\">\ud83d\udcc8 Amasra sigue al alza en el turismo de cruceros (2025 datos actuales)<\/a><\/h3>\r\n            <div class=\"meta-info\">\r\n                                <span class=\"td-post-author-name\"><a href=\"https:\/\/amasra.com.tr\/es\/author\/yonetici\/\">amasra.com.tr<\/a> <span>-<\/span> <\/span>                <span class=\"td-post-date\"><time class=\"entry-date updated td-module-date\" datetime=\"2025-06-14T09:01:45+03:00\" >14 June 2025<\/time><\/span>                <span class=\"td-module-comments\"><a href=\"https:\/\/amasra.com.tr\/es\/%f0%9f%93%88-amasra-kruvaziyer-turizminde-yukselisini-surduruyor-2025-guncel-veriler\/#respond\">0<\/a><\/span>            <\/div>\r\n\r\n\r\n            <div class=\"td-excerpt\">\r\n                El puerto de Amasra entre los 4 primeros de Turqu\u00eda\r\nSeg\u00fan los datos del Departamento de Desarrollo del Comercio Mar\u00edtimo de la Direcci\u00f3n General de Asuntos Mar\u00edtimos, en los 4 primeros meses de las estad\u00edsticas de cruceros de 2025, Amasra...            <\/div>\r\n\r\n            \r\n        <\/div>\r\n\r\n        \n\t<\/div> <!-- .\/td-block-span4 -->\n\n\t<div class=\"td-block-span4\">\n\r\n        <div class=\"td_module_2 td_module_wrap td-animation-stack td-cpt-post\">\r\n            <div class=\"td-module-image\">\r\n                <div class=\"td-module-thumb\"><a href=\"https:\/\/amasra.com.tr\/es\/amasra-kamp-alanlari-listesi-ve-konumlari\/\"  rel=\"bookmark\" class=\"td-image-wrap\" title=\"Lista y ubicaci\u00f3n de los campings de Amasra\" ><img loading=\"lazy\" decoding=\"async\" class=\"entry-thumb\" src=\"\" alt=\"\" title=\"Lista y ubicaci\u00f3n de los campings de Amasra\" data-type=\"image_tag\" data-img-url=\"https:\/\/amasra.com.tr\/wp-content\/uploads\/2017\/12\/amasra-kamp-alanlari-konum-haritasi.jpg\"  width=\"300\" height=\"160\" \/><\/a><\/div>                                            <\/div>\r\n\r\n            <h3 class=\"entry-title td-module-title\"><a href=\"https:\/\/amasra.com.tr\/es\/amasra-kamp-alanlari-listesi-ve-konumlari\/\"  rel=\"bookmark\" title=\"Lista y ubicaci\u00f3n de los campings de Amasra\">Lista y ubicaci\u00f3n de los campings de Amasra<\/a><\/h3>\r\n            <div class=\"meta-info\">\r\n                                <span class=\"td-post-author-name\"><a href=\"https:\/\/amasra.com.tr\/es\/author\/yonetici\/\">amasra.com.tr<\/a> <span>-<\/span> <\/span>                <span class=\"td-post-date\"><time class=\"entry-date updated td-module-date\" datetime=\"2025-04-17T11:40:06+03:00\" >17 April 2025<\/time><\/span>                <span class=\"td-module-comments\"><a href=\"https:\/\/amasra.com.tr\/es\/amasra-kamp-alanlari-listesi-ve-konumlari\/#respond\">0<\/a><\/span>            <\/div>\r\n\r\n\r\n            <div class=\"td-excerpt\">\r\n                \r\n\u00bfD\u00f3nde acampar en Amasra? Gu\u00eda detallada\r\nAmasra, la perla de Bart\u0131n, es una de las ciudades costeras m\u00e1s bellas del Mar Negro. Con sus bellezas naturales, su textura hist\u00f3rica y su ambiente tranquilo, es el lugar perfecto para los amantes del camping....            <\/div>\r\n\r\n            \r\n        <\/div>\r\n\r\n        \n\t<\/div> <!-- .\/td-block-span4 --><\/div><!--.\/row-fluid--><\/div><\/div> <!-- .\/block --><div class=\"td_block_wrap td_block_4 tdi_14 td-pb-border-top td_block_template_1\"  data-td-block-uid=\"tdi_14\" >\n<style>\n\/* custom css - generated by TagDiv Composer *\/\n.tdi_14 .td-post-vid-time{\r\n\t\t\t\t\tdisplay: block;\r\n\t\t\t\t}\n<\/style><script>var block_tdi_14 = new tdBlock();\nblock_tdi_14.id = \"tdi_14\";\nblock_tdi_14.atts = '{\"block_type\":\"td_block_4\",\"separator\":\"\",\"custom_title\":\"\",\"custom_url\":\"\",\"title_tag\":\"\",\"block_template_id\":\"\",\"border_top\":\"\",\"color_preset\":\"\",\"m2_tl\":\"\",\"m2_title_tag\":\"\",\"m2_el\":\"\",\"post_ids\":\"\",\"category_id\":\"\",\"category_ids\":\"\",\"tag_slug\":\"\",\"autors_id\":\"\",\"installed_post_types\":\"\",\"sort\":\"\",\"limit\":\"5\",\"offset\":\"\",\"open_in_new_window\":\"\",\"show_modified_date\":\"\",\"video_popup\":\"\",\"video_rec\":\"\",\"video_rec_title\":\"\",\"show_vid_t\":\"block\",\"el_class\":\"\",\"td_ajax_filter_type\":\"\",\"td_ajax_filter_ids\":\"\",\"td_filter_default_txt\":\"All\",\"td_ajax_preloading\":\"\",\"f_header_font_header\":\"\",\"f_header_font_title\":\"Block header\",\"f_header_font_settings\":\"\",\"f_header_font_family\":\"\",\"f_header_font_size\":\"\",\"f_header_font_line_height\":\"\",\"f_header_font_style\":\"\",\"f_header_font_weight\":\"\",\"f_header_font_transform\":\"\",\"f_header_font_spacing\":\"\",\"f_header_\":\"\",\"f_ajax_font_title\":\"Ajax categories\",\"f_ajax_font_settings\":\"\",\"f_ajax_font_family\":\"\",\"f_ajax_font_size\":\"\",\"f_ajax_font_line_height\":\"\",\"f_ajax_font_style\":\"\",\"f_ajax_font_weight\":\"\",\"f_ajax_font_transform\":\"\",\"f_ajax_font_spacing\":\"\",\"f_ajax_\":\"\",\"f_more_font_title\":\"Load more button\",\"f_more_font_settings\":\"\",\"f_more_font_family\":\"\",\"f_more_font_size\":\"\",\"f_more_font_line_height\":\"\",\"f_more_font_style\":\"\",\"f_more_font_weight\":\"\",\"f_more_font_transform\":\"\",\"f_more_font_spacing\":\"\",\"f_more_\":\"\",\"m2f_title_font_header\":\"\",\"m2f_title_font_title\":\"Article title\",\"m2f_title_font_settings\":\"\",\"m2f_title_font_family\":\"\",\"m2f_title_font_size\":\"\",\"m2f_title_font_line_height\":\"\",\"m2f_title_font_style\":\"\",\"m2f_title_font_weight\":\"\",\"m2f_title_font_transform\":\"\",\"m2f_title_font_spacing\":\"\",\"m2f_title_\":\"\",\"m2f_cat_font_title\":\"Article category tag\",\"m2f_cat_font_settings\":\"\",\"m2f_cat_font_family\":\"\",\"m2f_cat_font_size\":\"\",\"m2f_cat_font_line_height\":\"\",\"m2f_cat_font_style\":\"\",\"m2f_cat_font_weight\":\"\",\"m2f_cat_font_transform\":\"\",\"m2f_cat_font_spacing\":\"\",\"m2f_cat_\":\"\",\"m2f_meta_font_title\":\"Article meta info\",\"m2f_meta_font_settings\":\"\",\"m2f_meta_font_family\":\"\",\"m2f_meta_font_size\":\"\",\"m2f_meta_font_line_height\":\"\",\"m2f_meta_font_style\":\"\",\"m2f_meta_font_weight\":\"\",\"m2f_meta_font_transform\":\"\",\"m2f_meta_font_spacing\":\"\",\"m2f_meta_\":\"\",\"m2f_ex_font_title\":\"Article excerpt\",\"m2f_ex_font_settings\":\"\",\"m2f_ex_font_family\":\"\",\"m2f_ex_font_size\":\"\",\"m2f_ex_font_line_height\":\"\",\"m2f_ex_font_style\":\"\",\"m2f_ex_font_weight\":\"\",\"m2f_ex_font_transform\":\"\",\"m2f_ex_font_spacing\":\"\",\"m2f_ex_\":\"\",\"ajax_pagination\":\"\",\"ajax_pagination_infinite_stop\":\"\",\"css\":\"\",\"tdc_css\":\"\",\"td_column_number\":3,\"header_color\":\"\",\"ajax_pagination_next_prev_swipe\":\"\",\"class\":\"tdi_14\",\"tdc_css_class\":\"tdi_14\",\"tdc_css_class_style\":\"tdi_14_rand_style\"}';\nblock_tdi_14.td_column_number = \"3\";\nblock_tdi_14.block_type = \"td_block_4\";\nblock_tdi_14.post_count = \"5\";\nblock_tdi_14.found_posts = \"478\";\nblock_tdi_14.header_color = \"\";\nblock_tdi_14.ajax_pagination_infinite_stop = \"\";\nblock_tdi_14.max_num_pages = \"96\";\ntdBlocksArray.push(block_tdi_14);\n<\/script><div id=\"tdi_14\" class=\"td_block_inner\">\n\n\t<div class=\"td-block-row\">\n\n\t<div class=\"td-block-span4\">\n\r\n        <div class=\"td_module_2 td_module_wrap td-animation-stack td-cpt-post\">\r\n            <div class=\"td-module-image\">\r\n                <div class=\"td-module-thumb\"><a href=\"https:\/\/amasra.com.tr\/es\/ada-apart-kumsal\/\"  rel=\"bookmark\" class=\"td-image-wrap\" title=\"Ada Apart (Playa)\" ><img loading=\"lazy\" decoding=\"async\" class=\"entry-thumb\" src=\"\" alt=\"amasra-beach-apart-pasiyon-ada-apart21\" title=\"Ada Apart (Playa)\" data-type=\"image_tag\" data-img-url=\"https:\/\/amasra.com.tr\/wp-content\/uploads\/2020\/06\/amasra-kumsal-apart-pasiyon-ada-apart21.jpg\"  width=\"240\" height=\"160\" \/><\/a><\/div>                                            <\/div>\r\n\r\n            <h3 class=\"entry-title td-module-title\"><a href=\"https:\/\/amasra.com.tr\/es\/ada-apart-kumsal\/\"  rel=\"bookmark\" title=\"Ada Apart (Playa)\">Ada Apart (Playa)<\/a><\/h3>\r\n            <div class=\"meta-info\">\r\n                                                <span class=\"entry-review-stars\"><i class=\"td-icon-star\"><\/i><i class=\"td-icon-star\"><\/i><i class=\"td-icon-star\"><\/i><i class=\"td-icon-star\"><\/i><i class=\"td-icon-star\"><\/i><\/span>                <span class=\"td-module-comments\"><a href=\"https:\/\/amasra.com.tr\/es\/ada-apart-kumsal\/#comments\">3<\/a><\/span>            <\/div>\r\n\r\n\r\n            <div class=\"td-excerpt\">\r\n                Ubicado justo en la playa de B\u00fcy\u00fck Liman, Ada Apart (Kumsal) es una opci\u00f3n ideal para los visitantes que desean alojarse en la comodidad de su propia casa con vistas al mar y al puerto. Tel\u00e9fono:...            <\/div>\r\n\r\n            \r\n        <\/div>\r\n\r\n        \n\t<\/div> <!-- .\/td-block-span4 -->\n\n\t<div class=\"td-block-span4\">\n\r\n        <div class=\"td_module_2 td_module_wrap td-animation-stack td-cpt-post\">\r\n            <div class=\"td-module-image\">\r\n                <div class=\"td-module-thumb\"><a href=\"https:\/\/amasra.com.tr\/es\/amasra-kemere-koprusu-yapisal-analiz-malzemeler-ve-restorasyon-calismalari\/\"  rel=\"bookmark\" class=\"td-image-wrap\" title=\"Puente Amasra Kemere: an\u00e1lisis estructural, materiales y obras de restauraci\u00f3n\" ><img loading=\"lazy\" decoding=\"async\" class=\"entry-thumb\" src=\"\" alt=\"\" title=\"Puente Amasra Kemere: an\u00e1lisis estructural, materiales y obras de restauraci\u00f3n\" data-type=\"image_tag\" data-img-url=\"https:\/\/amasra.com.tr\/wp-content\/uploads\/2016\/02\/amasra-havadan-genel-fotograflar-25.jpg\"  width=\"294\" height=\"160\" \/><\/a><\/div>                                            <\/div>\r\n\r\n            <h3 class=\"entry-title td-module-title\"><a href=\"https:\/\/amasra.com.tr\/es\/amasra-kemere-koprusu-yapisal-analiz-malzemeler-ve-restorasyon-calismalari\/\"  rel=\"bookmark\" title=\"Puente Amasra Kemere: an\u00e1lisis estructural, materiales y obras de restauraci\u00f3n\">Puente Amasra Kemere: an\u00e1lisis estructural, materiales y obras de restauraci\u00f3n<\/a><\/h3>\r\n            <div class=\"meta-info\">\r\n                                <span class=\"td-post-author-name\"><a href=\"https:\/\/amasra.com.tr\/es\/author\/yonetici\/\">amasra.com.tr<\/a> <span>-<\/span> <\/span>                <span class=\"td-post-date\"><time class=\"entry-date updated td-module-date\" datetime=\"2026-03-04T23:13:42+03:00\" >04 March 2026<\/time><\/span>                <span class=\"td-module-comments\"><a href=\"https:\/\/amasra.com.tr\/es\/amasra-kemere-koprusu-yapisal-analiz-malzemeler-ve-restorasyon-calismalari\/#respond\">0<\/a><\/span>            <\/div>\r\n\r\n\r\n            <div class=\"td-excerpt\">\r\n                Genial, har\u00e9 una investigaci\u00f3n detallada sobre el an\u00e1lisis estructural del Puente Amasra Kemere, los materiales utilizados, sus caracter\u00edsticas arquitect\u00f3nicas y su comparaci\u00f3n con puentes similares en el mundo. Adem\u00e1s, la conservaci\u00f3n de este puente...            <\/div>\r\n\r\n            \r\n        <\/div>\r\n\r\n        \n\t<\/div> <!-- .\/td-block-span4 -->\n\n\t<div class=\"td-block-span4\">\n\r\n        <div class=\"td_module_2 td_module_wrap td-animation-stack td-cpt-post\">\r\n            <div class=\"td-module-image\">\r\n                <div class=\"td-module-thumb\"><a href=\"https:\/\/amasra.com.tr\/es\/amasra-fotograflari\/\"  rel=\"bookmark\" class=\"td-image-wrap\" title=\"Amasra Fotograflar\u0131\" ><img loading=\"lazy\" decoding=\"async\" class=\"entry-thumb\" src=\"\"alt=\"\" data-type=\"image_tag\" data-img-url=\"https:\/\/amasra.com.tr\/wp-content\/plugins\/td-composer\/legacy\/Newsmag\/assets\/images\/no-thumb\/td_300x160.png\"  width=\"300\" height=\"160\" \/><\/a><\/div>                                            <\/div>\r\n\r\n            <h3 class=\"entry-title td-module-title\"><a href=\"https:\/\/amasra.com.tr\/es\/amasra-fotograflari\/\"  rel=\"bookmark\" title=\"Amasra Fotograflar\u0131\">Amasra Fotograflar\u0131<\/a><\/h3>\r\n            <div class=\"meta-info\">\r\n                                <span class=\"td-post-author-name\"><a href=\"https:\/\/amasra.com.tr\/es\/author\/yonetici\/\">amasra.com.tr<\/a> <span>-<\/span> <\/span>                <span class=\"td-post-date\"><time class=\"entry-date updated td-module-date\" datetime=\"2025-12-12T17:24:53+03:00\" >12 December 2025<\/time><\/span>                <span class=\"td-module-comments\"><a href=\"https:\/\/amasra.com.tr\/es\/amasra-fotograflari\/#respond\">0<\/a><\/span>            <\/div>\r\n\r\n\r\n            <div class=\"td-excerpt\">\r\n                            <\/div>\r\n\r\n            \r\n        <\/div>\r\n\r\n        \n\t<\/div> <!-- .\/td-block-span4 --><\/div><!--.\/row-fluid-->\n\n\t<div class=\"td-block-row\">\n\n\t<div class=\"td-block-span4\">\n\r\n        <div class=\"td_module_2 td_module_wrap td-animation-stack td-cpt-post\">\r\n            <div class=\"td-module-image\">\r\n                <div class=\"td-module-thumb\"><a href=\"https:\/\/amasra.com.tr\/es\/amasra-ve-cevresinde-kis-kesfi-tarih-gastronomi-ve-karadeniz-dogasi-arasinda-bir-seyahat-rehberi\/\"  rel=\"bookmark\" class=\"td-image-wrap\" title=\"Amasra ve \u00c7evresinde K\u0131\u015f Ke\u015ffi: Tarih, Gastronomi ve Karadeniz Do\u011fas\u0131 Aras\u0131nda Bir Seyahat Rehberi\" ><img loading=\"lazy\" decoding=\"async\" class=\"entry-thumb\" src=\"\" alt=\"\" title=\"Amasra ve \u00c7evresinde K\u0131\u015f Ke\u015ffi: Tarih, Gastronomi ve Karadeniz Do\u011fas\u0131 Aras\u0131nda Bir Seyahat Rehberi\" data-type=\"image_tag\" data-img-url=\"https:\/\/amasra.com.tr\/wp-content\/uploads\/2016\/01\/amasra-kar-fotograflari-kemal-onur-ozman-29.jpg\"  width=\"293\" height=\"160\" \/><\/a><\/div>                                            <\/div>\r\n\r\n            <h3 class=\"entry-title td-module-title\"><a href=\"https:\/\/amasra.com.tr\/es\/amasra-ve-cevresinde-kis-kesfi-tarih-gastronomi-ve-karadeniz-dogasi-arasinda-bir-seyahat-rehberi\/\"  rel=\"bookmark\" title=\"Amasra ve \u00c7evresinde K\u0131\u015f Ke\u015ffi: Tarih, Gastronomi ve Karadeniz Do\u011fas\u0131 Aras\u0131nda Bir Seyahat Rehberi\">Amasra ve \u00c7evresinde K\u0131\u015f Ke\u015ffi: Tarih, Gastronomi ve Karadeniz Do\u011fas\u0131 Aras\u0131nda...<\/a><\/h3>\r\n            <div class=\"meta-info\">\r\n                                <span class=\"td-post-author-name\"><a href=\"https:\/\/amasra.com.tr\/es\/author\/yonetici\/\">amasra.com.tr<\/a> <span>-<\/span> <\/span>                <span class=\"td-post-date\"><time class=\"entry-date updated td-module-date\" datetime=\"2025-11-17T23:29:01+03:00\" >17 November 2025<\/time><\/span>                <span class=\"td-module-comments\"><a href=\"https:\/\/amasra.com.tr\/es\/amasra-ve-cevresinde-kis-kesfi-tarih-gastronomi-ve-karadeniz-dogasi-arasinda-bir-seyahat-rehberi\/#respond\">0<\/a><\/span>            <\/div>\r\n\r\n\r\n            <div class=\"td-excerpt\">\r\n                 Amasra\u2019da K\u0131\u015f Tatili Manifestosu: So\u011fuk Havada S\u0131cak Deneyimler\r\nAmasra, yaz aylar\u0131nda hareketli bir sayfiye kasabas\u0131 kimli\u011fine b\u00fcr\u00fcnse de, k\u0131\u015f mevsimi geldi\u011finde bamba\u015fka bir atmosfere...            <\/div>\r\n\r\n            \r\n        <\/div>\r\n\r\n        \n\t<\/div> <!-- .\/td-block-span4 -->\n\n\t<div class=\"td-block-span4\">\n\r\n        <div class=\"td_module_2 td_module_wrap td-animation-stack td-cpt-post\">\r\n            <div class=\"td-module-image\">\r\n                <div class=\"td-module-thumb\"><a href=\"https:\/\/amasra.com.tr\/es\/amasranin-eski-ismi-nedir\/\"  rel=\"bookmark\" class=\"td-image-wrap\" title=\"Amasra&#8217;n\u0131n eski ismi nedir?\" ><img loading=\"lazy\" decoding=\"async\" class=\"entry-thumb\" src=\"\"alt=\"\" data-type=\"image_tag\" data-img-url=\"https:\/\/amasra.com.tr\/wp-content\/plugins\/td-composer\/legacy\/Newsmag\/assets\/images\/no-thumb\/td_300x160.png\"  width=\"300\" height=\"160\" \/><\/a><\/div>                                            <\/div>\r\n\r\n            <h3 class=\"entry-title td-module-title\"><a href=\"https:\/\/amasra.com.tr\/es\/amasranin-eski-ismi-nedir\/\"  rel=\"bookmark\" title=\"Amasra&#8217;n\u0131n eski ismi nedir?\">Amasra&#8217;n\u0131n eski ismi nedir?<\/a><\/h3>\r\n            <div class=\"meta-info\">\r\n                                <span class=\"td-post-author-name\"><a href=\"https:\/\/amasra.com.tr\/es\/author\/yonetici\/\">amasra.com.tr<\/a> <span>-<\/span> <\/span>                <span class=\"td-post-date\"><time class=\"entry-date updated td-module-date\" datetime=\"2025-11-12T12:27:56+03:00\" >12 November 2025<\/time><\/span>                <span class=\"td-module-comments\"><a href=\"https:\/\/amasra.com.tr\/es\/amasranin-eski-ismi-nedir\/#respond\">0<\/a><\/span>            <\/div>\r\n\r\n\r\n            <div class=\"td-excerpt\">\r\n                AMASRA TOPON\u0130M\u0130S\u0130N\u0130N TAR\u0130HSEL KATMANLARI: ESK\u0130 \u0130S\u0130MLER\u0130N ET\u0130MOLOJ\u0130K VE POL\u0130T\u0130K K\u00d6KENLER\u0130 \u00dcZER\u0130NE RAPOR\r\nAmasra Toponimisinin Tarihsel ve Co\u011frafi \u00c7er\u00e7evesi\r\nAmasra (Antik Amastris), T\u00fcrkiye&#039;nin Karadeniz k\u0131y\u0131s\u0131nda, antik Paphlagonia...            <\/div>\r\n\r\n            \r\n        <\/div>\r\n\r\n        \n\t<\/div> <!-- .\/td-block-span4 --><\/div><!--.\/row-fluid--><\/div><\/div> <!-- .\/block --><\/div><\/div><\/div><\/div><\/div><\/div>","protected":false},"excerpt":{"rendered":"","protected":false},"author":1,"featured_media":0,"parent":0,"menu_order":0,"comment_status":"open","ping_status":"closed","template":"","meta":{"footnotes":""},"class_list":["post-4596","page","type-page","status-publish","hentry"],"_hostinger_reach_plugin_has_subscription_block":false,"_hostinger_reach_plugin_is_elementor":false,"_links":{"self":[{"href":"https:\/\/amasra.com.tr\/es\/wp-json\/wp\/v2\/pages\/4596","targetHints":{"allow":["GET"]}}],"collection":[{"href":"https:\/\/amasra.com.tr\/es\/wp-json\/wp\/v2\/pages"}],"about":[{"href":"https:\/\/amasra.com.tr\/es\/wp-json\/wp\/v2\/types\/page"}],"author":[{"embeddable":true,"href":"https:\/\/amasra.com.tr\/es\/wp-json\/wp\/v2\/users\/1"}],"replies":[{"embeddable":true,"href":"https:\/\/amasra.com.tr\/es\/wp-json\/wp\/v2\/comments?post=4596"}],"version-history":[{"count":0,"href":"https:\/\/amasra.com.tr\/es\/wp-json\/wp\/v2\/pages\/4596\/revisions"}],"wp:attachment":[{"href":"https:\/\/amasra.com.tr\/es\/wp-json\/wp\/v2\/media?parent=4596"}],"curies":[{"name":"wp","href":"https:\/\/api.w.org\/{rel}","templated":true}]}}